{"id":2789,"date":"2023-12-10T17:52:54","date_gmt":"2023-12-10T16:52:54","guid":{"rendered":"https:\/\/psychosynthese.fr\/?page_id=2789"},"modified":"2023-12-10T19:45:02","modified_gmt":"2023-12-10T18:45:02","slug":"la-revue","status":"publish","type":"page","link":"https:\/\/psychosynthese.fr\/index.php\/activites-decouverte-ateliers-developpement-personnel\/la-revue\/","title":{"rendered":"&#8212; La Revue &#8212;"},"content":{"rendered":"<div class=\"wp-block-image\">\n<figure class=\"aligncenter size-large is-resized\"><img loading=\"lazy\" decoding=\"async\" src=\"https:\/\/psychosynthese.fr\/wp-content\/uploads\/2021\/04\/20210408_155058-2-768x1024.jpg\" alt=\"\" class=\"wp-image-1900\" width=\"212\" height=\"283\" srcset=\"https:\/\/psychosynthese.fr\/wp-content\/uploads\/2021\/04\/20210408_155058-2-768x1024.jpg 768w, https:\/\/psychosynthese.fr\/wp-content\/uploads\/2021\/04\/20210408_155058-2-225x300.jpg 225w, https:\/\/psychosynthese.fr\/wp-content\/uploads\/2021\/04\/20210408_155058-2-1152x1536.jpg 1152w, https:\/\/psychosynthese.fr\/wp-content\/uploads\/2021\/04\/20210408_155058-2-1536x2048.jpg 1536w, https:\/\/psychosynthese.fr\/wp-content\/uploads\/2021\/04\/20210408_155058-2-scaled.jpg 1920w\" sizes=\"auto, (max-width: 212px) 100vw, 212px\" \/><\/figure><\/div>\n\n\n<p>La Revue de Psychosynth\u00e8se est \u00e9dit\u00e9e plusieurs fois par an. Dirig\u00e9e par le neurologue Dr Henri Daran, elle propose des articles de praticiens en psychologie et psychosynth\u00e8se, des exp\u00e9riences, des t\u00e9moignages et des techniques. <\/p>\n\n\n\n<p>Nous en sommes actuellement au num\u00e9ro 46. Le num\u00e9ro 47 para\u00eetra prochainement!<\/p>\n\n\n\n<p>Si vous souhaitez un num\u00e9ro ant\u00e9rieur au num\u00e9ro 41, merci de contacter directement l&rsquo;IFP.<\/p>\n\n\n\n<p>Si vous souhaitez acheter un num\u00e9ro, vous pouvez vous abonner \u00e0 l&rsquo;ann\u00e9e (2 revues papier \/an) ou acheter un num\u00e9ro de la revue papier \u00e0 l&rsquo;unit\u00e9 (cf liens ci-dessous). Vous pouvez \u00e9galement nous contacter : ifp@psychosynthese.fr ou 01 42 78 24 45.<\/p>\n\n\n\n<p>Prix des num\u00e9ros au format papier :<\/p>\n\n\n\n<ul class=\"wp-block-list\">\n<li>achat \u00e0 l&rsquo;unit\u00e9 : 9 euros par num\u00e9ro<\/li>\n\n\n\n<li>abonnement annuel (2 num\u00e9ros \/an) : 16 euros (tarif r\u00e9duit 14 euros pour les adh\u00e9rents)<\/li>\n<\/ul>\n\n\n\n<div class=\"wp-block-columns is-layout-flex wp-container-core-columns-is-layout-9d6595d7 wp-block-columns-is-layout-flex\">\n<div class=\"wp-block-column is-layout-flow wp-block-column-is-layout-flow\">\n<div class=\"wp-block-buttons is-layout-flex wp-block-buttons-is-layout-flex\">\n<div class=\"wp-block-button\"><a class=\"wp-block-button__link has-black-color has-luminous-vivid-amber-background-color has-text-color has-background wp-element-button\" href=\"https:\/\/www.helloasso.com\/associations\/institut-francais-de-psychosynthese\/evenements\/revue-de-la-psychosynthese-abonnement-annnuel\" target=\"_blank\" rel=\"noreferrer noopener\">abonnement annuel<\/a><\/div>\n<\/div>\n<\/div>\n\n\n\n<div class=\"wp-block-column is-layout-flow wp-block-column-is-layout-flow\">\n<div class=\"wp-block-buttons is-layout-flex wp-block-buttons-is-layout-flex\">\n<div class=\"wp-block-button\"><a class=\"wp-block-button__link has-black-color has-luminous-vivid-amber-background-color has-text-color has-background wp-element-button\" href=\"https:\/\/www.helloasso.com\/associations\/institut-francais-de-psychosynthese\/boutiques\/achat-d-un-numero-de-la-revue-de-la-psychosynthese\" target=\"_blank\" rel=\"noreferrer noopener\">achat \u00e0 l&rsquo;unit\u00e9<\/a><\/div>\n<\/div>\n<\/div>\n<\/div>\n\n\n\n<h2 class=\"wp-block-heading has-luminous-vivid-amber-background-color has-background\">Revue n\u00b046 &#8211; Mai 2023<\/h2>\n\n\n\n<p>Editorial (Marie-Antoinette MAUGEAIS)<\/p>\n\n\n\n<p>L\u2019art de vivre et l\u2019imagination d\u2019apr\u00e8s Jan Taal (Franco SALVINI et Marie-Antoinette MAUGEAIS)<\/p>\n\n\n\n<p>Du Centre au Tout (Anna Maria LA SALA BATA)<\/p>\n\n\n\n<p>Changement et reconversion (Franco SALVINI et St\u00e9phane RENARD)<\/p>\n\n\n\n<p>L\u2019empathie (Jocelyne JACQUELARD)<\/p>\n\n\n\n<p>Le terrain f\u00e9cond de la psychosynth\u00e8se (Alberto ALBERTI)<\/p>\n\n\n\n<p>La croissance de l\u2019amour (Franco SALVINI)<\/p>\n\n\n\n<p>Rose de Mai (Louis)<\/p>\n\n\n\n<p><strong>Editorial<\/strong> par Marie-Antoinette MAUGEAIS<\/p>\n\n\n\n<p>Comment rendre compte du week-end des 15 et 16 avril dernier \u00e0 l\u2019Institut Fran\u00e7ais de Psychosynth\u00e8se ? Jan Taal, dans sa conf\u00e9rence L\u2019Art de vivre et l\u2019imagination, a pr\u00e9sent\u00e9 la richesse d\u2019une fonction pr\u00e9sente chez tout \u00eatre humain : l\u2019imagination. <\/p>\n\n\n\n<p>On la retrouve dans toutes les civilisations, dans les cavernes pr\u00e9historiques, dans les d\u00e9serts sur tous les continents et m\u00eame plus r\u00e9cemment dans sa relation avec la physique moderne. Nous avons \u00e9t\u00e9 captiv\u00e9s par les magnifiques photos prises par le conf\u00e9rencier lui-m\u00eame dans tous les pays qu\u2019il a arpent\u00e9s. L\u2019imagination est en elle-m\u00eame source de vitalit\u00e9, moteur, potentiel gu\u00e9risseur et faire appel \u00e0 elle nous ouvre un \u00ab art de vivre \u00bb que nous avons exp\u00e9riment\u00e9 au travers de deux ateliers. <\/p>\n\n\n\n<p>L\u2019article Du centre au tout d\u2019Angela Maria La Sala Bat\u00e0 sur la m\u00e9ditation fait suite \u00e0 celui publi\u00e9 dans le pr\u00e9c\u00e9dent num\u00e9ro de la Revue de Psychosynth\u00e8se. Elle analyse les caract\u00e9ristiques de la m\u00e9ditation spirituelle. L\u2019autrice souligne le r\u00f4le de la conscience dans le travail d\u2019unification, d\u2019int\u00e9gration qui conduit \u00e0 la reconnaissance de notre \u00eatre profond. <\/p>\n\n\n\n<p>Ces deux derni\u00e8res ann\u00e9es ont bouscul\u00e9 nos fonctionnements et nous ont contraints \u00e0 exp\u00e9rimenter le Changement et la reconversion qui en d\u00e9coulent. Franco Salvini et St\u00e9phane Renard nous en donnent un t\u00e9moignage qui nous incite \u00e0 puiser dans nos ressources pour r\u00e9soudre les probl\u00e9matiques de la vie. <\/p>\n\n\n\n<p>La vie actuelle nous met face \u00e0 une th\u00e9matique qui est sur toutes les l\u00e8vres : l\u2019Empathie. Nous constatons qu\u2019un individualisme affecte nos comportements : le dialogue avec le monde virtuel prend le pas sur la relation avec l\u2019autre. Jocelyne Jacquelard nous donne une vue panoramique sur cette th\u00e9matique. <\/p>\n\n\n\n<p>Alberto Alberti explicite en 14 mots cl\u00e9s le Terrain f\u00e9cond de la psychosynth\u00e8se, son esprit et la place qu\u2019elle est amen\u00e9e \u00e0 prendre dans le d\u00e9veloppement de la science psychologique en vue d\u2019une vision large de l\u2019\u00eatre humain et de son dynamisme de vie. <\/p>\n\n\n\n<p>Franco Salvini nous propose une m\u00e9ditation sur la Croissance de l\u2019Amour qui est suivie par un po\u00e8me sur la Rose de Mai. <\/p>\n\n\n\n<p>Nous exprimons le souhait que les jours et les mois qui viennent soient porteurs de nouvelles r\u00e9alisations individuelles, interpersonnelles et sociales.<br><\/p>\n\n\n\n<h2 class=\"wp-block-heading has-luminous-vivid-amber-background-color has-background\">Revue n\u00b045 &#8211; D\u00e9cembre 2022<\/h2>\n\n\n\n<p>M\u00e9ditation psychologique (Angela Maria LA SALA BATA)<\/p>\n\n\n\n<p>L&rsquo;estime de soi, la confiance : quelques r\u00e9flexions (Jocelyne JACQUELARD)<\/p>\n\n\n\n<p>La bonne volont\u00e9, essence de l&rsquo;\u00e9panouissement humain (Vincent CLAESSENS)<\/p>\n\n\n\n<p>Les bienfaits de l&rsquo;espoir (Michel POULAIN)<\/p>\n\n\n\n<p><strong>Editorial<\/strong> par Franco Salvini<\/p>\n\n\n\n<p>Regardons autour de nous, \u00e9coutons&nbsp;: il ne se passe pas de journ\u00e9e, de semaine, de mois o\u00f9 ne soit pas \u00e9voqu\u00e9 le terme de m\u00e9ditation. Connue depuis toujours par certains, notion toute nouvelle pour d\u2019autres, elle suscite beaucoup d\u2019int\u00e9r\u00eat, de curiosit\u00e9, d\u2019app\u00e9tence. N\u2019en soyons pas \u00e9tonn\u00e9s, c\u2019est une pratique bien connue en psychosynth\u00e8se comme la d\u00e9finit &nbsp;Angela Maria La Sala Bat\u00e0 dans son ouvrage publi\u00e9 en 1995 et dont nous avons extrait l\u2019article <em>\u00ab&nbsp;M\u00e9ditation psychologique&nbsp;\u00bb.<\/em> Au fil de sa carri\u00e8re de psychoth\u00e9rapeute et formatrice en psychosynth\u00e8se au Centre de Psychosynth\u00e8se de Florence, elle la propose comme une invitation \u00e0 d\u00e9couvrir notre dimension int\u00e9rieure, \u00e0 reconnaitre nos contenus psychologiques comme des objets par rapport \u00e0 notre conscience v\u00e9ritable. Plus qu\u2019un exercice, la D\u00e9sidentification est un processus de notre d\u00e9veloppement int\u00e9rieur. &nbsp;Au cours de ce processus de croissance personnelle, Jocelyne Jacquelard nous porte \u00e0 r\u00e9fl\u00e9chir sur l\u2019importance de l\u2019estime de soi dans son article \u00ab&nbsp;<em>L\u2019<\/em> <em>Estime de soi, confiance&nbsp;: quelques r\u00e9flexions<\/em><em>\u00ab\u00a0<\/em>. L\u2019approche p\u00e9dagogique, l\u2019\u00e9ducation transmise par les parents, les enseignants et l\u2019environnement proche peuvent s\u2019appuyer sur les recherches neuroscientifiques, qui confirment la plasticit\u00e9 c\u00e9r\u00e9brale des jeunes, source de cr\u00e9ativit\u00e9, d\u2019autonomie, d\u2019autoaffirmation et d\u2019estime de soi.<\/p>\n\n\n\n<p>Expos\u00e9s aux annonces des \u00e9v\u00e9nements violents, o\u00f9 les forces s\u2019opposent, Vincent Claessens nous rappelle dans&nbsp; son article <em>\u00ab&nbsp; La Bonne Volont\u00e9, l\u2019essence de l\u2019\u00e9panouissement humain&nbsp;\u00bb &nbsp;<\/em>qu\u2019il y a aussi des manifestations de Bonne Volont\u00e9, auxquelles nous devrions donner plus d\u2019attention pour prot\u00e9ger notre sant\u00e9 mentale. La Bonne Volont\u00e9 est un vecteur important de notre \u00e9panouissement, pour une solidarit\u00e9 nouvelle au-del\u00e0 des \u00e9go\u00efsmes individuels. Reconnaitre les obstacles comme la peur, la d\u00e9pression, le d\u00e9couragement, l\u2019avidit\u00e9, le manque de compr\u00e9hension, nous ouvre les portes de la Bonne Volont\u00e9. Participant de la m\u00eame d\u00e9marche, &nbsp;&nbsp; Michel Poulain nous propose des r\u00e9flexions sur les multiples fa\u00e7ons d\u2019esp\u00e9rer en s\u2019appuyant sur le livre de G\u00e9raldine Pr\u00e9vot-Gigant <em>\u00ab&nbsp; Les Pouvoirs de l\u2019espoir&nbsp;\u00bb<\/em>, laquelle met en exergue&nbsp; l\u2019importance que repr\u00e9sentent les espoirs, sous-entendu les espoirs constructifs. Michel enrichit son analyse avec des apports de la psychosynth\u00e8se.<\/p>\n\n\n\n<p>Enfin, Franco Salvini nous invite dans son article \u00ab&nbsp;<em>La Vision de la vie et la musique&nbsp;\u00bb<\/em> nous questionner sur la place que nous occupons face \u00e0 la vie. \u00catre dans le pr\u00e9sent devient une n\u00e9cessit\u00e9 pour sortir des conditionnements du pass\u00e9 et du futur. Nous sommes confront\u00e9s au temps et \u00e0 l\u2019espace. L\u2019\u00e9coute conscient de la musique permet de trouver l\u2019\u00e9quilibre entre int\u00e9rieur et ext\u00e9rieur.<\/p>\n\n\n\n<p>Voici quelques pistes que propose ce num\u00e9ro pour poursuivre le chemin de la connaissance et de l\u2019\u00e9panouissement de soi, &nbsp;des qualit\u00e9s \u00e0 approfondir pour cette route qui conduira \u00e0 mieux go\u00fbter la vie.<\/p>\n\n\n\n<p>Puisse cette ann\u00e9e 2023 qui s\u2019annonce proche voir enfin se r\u00e9aliser en chacun les espoirs de paix et d\u2019harmonie&nbsp;!<\/p>\n","protected":false},"excerpt":{"rendered":"<p>La Revue de Psychosynth\u00e8se est \u00e9dit\u00e9e plusieurs fois par an. Dirig\u00e9e par le neurologue Dr Henri Daran, elle propose des articles de praticiens en psychologie et psychosynth\u00e8se, des exp\u00e9riences, des t\u00e9moignages et des techniques. Nous en sommes actuellement au num\u00e9ro 46. Le num\u00e9ro 47 para\u00eetra prochainement! Si vous souhaitez un num\u00e9ro ant\u00e9rieur au num\u00e9ro 41, [&hellip;]<\/p>\n","protected":false},"author":1,"featured_media":0,"parent":1530,"menu_order":1,"comment_status":"closed","ping_status":"closed","template":"","meta":{"_monsterinsights_skip_tracking":false,"_monsterinsights_sitenote_active":false,"_monsterinsights_sitenote_note":"","_monsterinsights_sitenote_category":0,"_uf_show_specific_survey":0,"_uf_disable_surveys":false,"footnotes":""},"class_list":["post-2789","page","type-page","status-publish","czr-hentry"],"yoast_head":"<!-- This site is optimized with the Yoast SEO plugin v24.6 - https:\/\/yoast.com\/wordpress\/plugins\/seo\/ -->\n<title>- La Revue - Institut Fran\u00e7ais de Psychosynth\u00e8se<\/title>\n<meta name=\"robots\" content=\"index, follow, max-snippet:-1, max-image-preview:large, max-video-preview:-1\" \/>\n<link rel=\"canonical\" href=\"https:\/\/psychosynthese.fr\/index.php\/activites-decouverte-ateliers-developpement-personnel\/la-revue\/\" \/>\n<meta property=\"og:locale\" content=\"fr_FR\" \/>\n<meta property=\"og:type\" content=\"article\" \/>\n<meta property=\"og:title\" content=\"- La Revue - Institut Fran\u00e7ais de Psychosynth\u00e8se\" \/>\n<meta property=\"og:description\" content=\"La Revue de Psychosynth\u00e8se est \u00e9dit\u00e9e plusieurs fois par an. Dirig\u00e9e par le neurologue Dr Henri Daran, elle propose des articles de praticiens en psychologie et psychosynth\u00e8se, des exp\u00e9riences, des t\u00e9moignages et des techniques. Nous en sommes actuellement au num\u00e9ro 46. Le num\u00e9ro 47 para\u00eetra prochainement! Si vous souhaitez un num\u00e9ro ant\u00e9rieur au num\u00e9ro 41, [&hellip;]\" \/>\n<meta property=\"og:url\" content=\"https:\/\/psychosynthese.fr\/index.php\/activites-decouverte-ateliers-developpement-personnel\/la-revue\/\" \/>\n<meta property=\"og:site_name\" content=\"Institut Fran\u00e7ais de Psychosynth\u00e8se\" \/>\n<meta property=\"article:publisher\" content=\"https:\/\/www.facebook.com\/ifp.paris\" \/>\n<meta property=\"article:modified_time\" content=\"2023-12-10T18:45:02+00:00\" \/>\n<meta property=\"og:image\" content=\"https:\/\/psychosynthese.fr\/wp-content\/uploads\/2021\/04\/20210408_155058-2-768x1024.jpg\" \/>\n<meta name=\"twitter:card\" content=\"summary_large_image\" \/>\n<meta name=\"twitter:label1\" content=\"Dur\u00e9e de lecture estim\u00e9e\" \/>\n\t<meta name=\"twitter:data1\" content=\"6 minutes\" \/>\n<script type=\"application\/ld+json\" class=\"yoast-schema-graph\">{\"@context\":\"https:\/\/schema.org\",\"@graph\":[{\"@type\":\"WebPage\",\"@id\":\"https:\/\/psychosynthese.fr\/index.php\/activites-decouverte-ateliers-developpement-personnel\/la-revue\/\",\"url\":\"https:\/\/psychosynthese.fr\/index.php\/activites-decouverte-ateliers-developpement-personnel\/la-revue\/\",\"name\":\"- La Revue - Institut Fran\u00e7ais de Psychosynth\u00e8se\",\"isPartOf\":{\"@id\":\"https:\/\/psychosynthese.fr\/#website\"},\"primaryImageOfPage\":{\"@id\":\"https:\/\/psychosynthese.fr\/index.php\/activites-decouverte-ateliers-developpement-personnel\/la-revue\/#primaryimage\"},\"image\":{\"@id\":\"https:\/\/psychosynthese.fr\/index.php\/activites-decouverte-ateliers-developpement-personnel\/la-revue\/#primaryimage\"},\"thumbnailUrl\":\"https:\/\/psychosynthese.fr\/wp-content\/uploads\/2021\/04\/20210408_155058-2-768x1024.jpg\",\"datePublished\":\"2023-12-10T16:52:54+00:00\",\"dateModified\":\"2023-12-10T18:45:02+00:00\",\"breadcrumb\":{\"@id\":\"https:\/\/psychosynthese.fr\/index.php\/activites-decouverte-ateliers-developpement-personnel\/la-revue\/#breadcrumb\"},\"inLanguage\":\"fr-FR\",\"potentialAction\":[{\"@type\":\"ReadAction\",\"target\":[\"https:\/\/psychosynthese.fr\/index.php\/activites-decouverte-ateliers-developpement-personnel\/la-revue\/\"]}]},{\"@type\":\"ImageObject\",\"inLanguage\":\"fr-FR\",\"@id\":\"https:\/\/psychosynthese.fr\/index.php\/activites-decouverte-ateliers-developpement-personnel\/la-revue\/#primaryimage\",\"url\":\"https:\/\/psychosynthese.fr\/wp-content\/uploads\/2021\/04\/20210408_155058-2-768x1024.jpg\",\"contentUrl\":\"https:\/\/psychosynthese.fr\/wp-content\/uploads\/2021\/04\/20210408_155058-2-768x1024.jpg\"},{\"@type\":\"BreadcrumbList\",\"@id\":\"https:\/\/psychosynthese.fr\/index.php\/activites-decouverte-ateliers-developpement-personnel\/la-revue\/#breadcrumb\",\"itemListElement\":[{\"@type\":\"ListItem\",\"position\":1,\"name\":\"Accueil\",\"item\":\"https:\/\/psychosynthese.fr\/\"},{\"@type\":\"ListItem\",\"position\":2,\"name\":\"Activit\u00e9s\",\"item\":\"https:\/\/psychosynthese.fr\/index.php\/activites-decouverte-ateliers-developpement-personnel\/\"},{\"@type\":\"ListItem\",\"position\":3,\"name\":\"&#8212; La Revue &#8212;\"}]},{\"@type\":\"WebSite\",\"@id\":\"https:\/\/psychosynthese.fr\/#website\",\"url\":\"https:\/\/psychosynthese.fr\/\",\"name\":\"Institut Fran\u00e7ais de Psychosynth\u00e8se\",\"description\":\"Formation en psychosynth\u00e8se\",\"publisher\":{\"@id\":\"https:\/\/psychosynthese.fr\/#organization\"},\"alternateName\":\"IFP\",\"potentialAction\":[{\"@type\":\"SearchAction\",\"target\":{\"@type\":\"EntryPoint\",\"urlTemplate\":\"https:\/\/psychosynthese.fr\/?s={search_term_string}\"},\"query-input\":{\"@type\":\"PropertyValueSpecification\",\"valueRequired\":true,\"valueName\":\"search_term_string\"}}],\"inLanguage\":\"fr-FR\"},{\"@type\":\"Organization\",\"@id\":\"https:\/\/psychosynthese.fr\/#organization\",\"name\":\"Institut Fran\u00e7ais de Psychosynth\u00e8se\",\"url\":\"https:\/\/psychosynthese.fr\/\",\"logo\":{\"@type\":\"ImageObject\",\"inLanguage\":\"fr-FR\",\"@id\":\"https:\/\/psychosynthese.fr\/#\/schema\/logo\/image\/\",\"url\":\"https:\/\/psychosynthese.fr\/wp-content\/uploads\/2017\/03\/cropped-cropped-logo-ifp-155.jpg\",\"contentUrl\":\"https:\/\/psychosynthese.fr\/wp-content\/uploads\/2017\/03\/cropped-cropped-logo-ifp-155.jpg\",\"width\":135,\"height\":135,\"caption\":\"Institut Fran\u00e7ais de Psychosynth\u00e8se\"},\"image\":{\"@id\":\"https:\/\/psychosynthese.fr\/#\/schema\/logo\/image\/\"},\"sameAs\":[\"https:\/\/www.facebook.com\/ifp.paris\",\"https:\/\/www.youtube.com\/channel\/UCKmHyF5IEF9hQ_UI4mmbYgw\"]}]}<\/script>\n<!-- \/ Yoast SEO plugin. -->","yoast_head_json":{"title":"- La Revue - Institut Fran\u00e7ais de Psychosynth\u00e8se","robots":{"index":"index","follow":"follow","max-snippet":"max-snippet:-1","max-image-preview":"max-image-preview:large","max-video-preview":"max-video-preview:-1"},"canonical":"https:\/\/psychosynthese.fr\/index.php\/activites-decouverte-ateliers-developpement-personnel\/la-revue\/","og_locale":"fr_FR","og_type":"article","og_title":"- La Revue - Institut Fran\u00e7ais de Psychosynth\u00e8se","og_description":"La Revue de Psychosynth\u00e8se est \u00e9dit\u00e9e plusieurs fois par an. Dirig\u00e9e par le neurologue Dr Henri Daran, elle propose des articles de praticiens en psychologie et psychosynth\u00e8se, des exp\u00e9riences, des t\u00e9moignages et des techniques. Nous en sommes actuellement au num\u00e9ro 46. Le num\u00e9ro 47 para\u00eetra prochainement! Si vous souhaitez un num\u00e9ro ant\u00e9rieur au num\u00e9ro 41, [&hellip;]","og_url":"https:\/\/psychosynthese.fr\/index.php\/activites-decouverte-ateliers-developpement-personnel\/la-revue\/","og_site_name":"Institut Fran\u00e7ais de Psychosynth\u00e8se","article_publisher":"https:\/\/www.facebook.com\/ifp.paris","article_modified_time":"2023-12-10T18:45:02+00:00","og_image":[{"url":"https:\/\/psychosynthese.fr\/wp-content\/uploads\/2021\/04\/20210408_155058-2-768x1024.jpg","type":"","width":"","height":""}],"twitter_card":"summary_large_image","twitter_misc":{"Dur\u00e9e de lecture estim\u00e9e":"6 minutes"},"schema":{"@context":"https:\/\/schema.org","@graph":[{"@type":"WebPage","@id":"https:\/\/psychosynthese.fr\/index.php\/activites-decouverte-ateliers-developpement-personnel\/la-revue\/","url":"https:\/\/psychosynthese.fr\/index.php\/activites-decouverte-ateliers-developpement-personnel\/la-revue\/","name":"- La Revue - Institut Fran\u00e7ais de Psychosynth\u00e8se","isPartOf":{"@id":"https:\/\/psychosynthese.fr\/#website"},"primaryImageOfPage":{"@id":"https:\/\/psychosynthese.fr\/index.php\/activites-decouverte-ateliers-developpement-personnel\/la-revue\/#primaryimage"},"image":{"@id":"https:\/\/psychosynthese.fr\/index.php\/activites-decouverte-ateliers-developpement-personnel\/la-revue\/#primaryimage"},"thumbnailUrl":"https:\/\/psychosynthese.fr\/wp-content\/uploads\/2021\/04\/20210408_155058-2-768x1024.jpg","datePublished":"2023-12-10T16:52:54+00:00","dateModified":"2023-12-10T18:45:02+00:00","breadcrumb":{"@id":"https:\/\/psychosynthese.fr\/index.php\/activites-decouverte-ateliers-developpement-personnel\/la-revue\/#breadcrumb"},"inLanguage":"fr-FR","potentialAction":[{"@type":"ReadAction","target":["https:\/\/psychosynthese.fr\/index.php\/activites-decouverte-ateliers-developpement-personnel\/la-revue\/"]}]},{"@type":"ImageObject","inLanguage":"fr-FR","@id":"https:\/\/psychosynthese.fr\/index.php\/activites-decouverte-ateliers-developpement-personnel\/la-revue\/#primaryimage","url":"https:\/\/psychosynthese.fr\/wp-content\/uploads\/2021\/04\/20210408_155058-2-768x1024.jpg","contentUrl":"https:\/\/psychosynthese.fr\/wp-content\/uploads\/2021\/04\/20210408_155058-2-768x1024.jpg"},{"@type":"BreadcrumbList","@id":"https:\/\/psychosynthese.fr\/index.php\/activites-decouverte-ateliers-developpement-personnel\/la-revue\/#breadcrumb","itemListElement":[{"@type":"ListItem","position":1,"name":"Accueil","item":"https:\/\/psychosynthese.fr\/"},{"@type":"ListItem","position":2,"name":"Activit\u00e9s","item":"https:\/\/psychosynthese.fr\/index.php\/activites-decouverte-ateliers-developpement-personnel\/"},{"@type":"ListItem","position":3,"name":"&#8212; La Revue &#8212;"}]},{"@type":"WebSite","@id":"https:\/\/psychosynthese.fr\/#website","url":"https:\/\/psychosynthese.fr\/","name":"Institut Fran\u00e7ais de Psychosynth\u00e8se","description":"Formation en psychosynth\u00e8se","publisher":{"@id":"https:\/\/psychosynthese.fr\/#organization"},"alternateName":"IFP","potentialAction":[{"@type":"SearchAction","target":{"@type":"EntryPoint","urlTemplate":"https:\/\/psychosynthese.fr\/?s={search_term_string}"},"query-input":{"@type":"PropertyValueSpecification","valueRequired":true,"valueName":"search_term_string"}}],"inLanguage":"fr-FR"},{"@type":"Organization","@id":"https:\/\/psychosynthese.fr\/#organization","name":"Institut Fran\u00e7ais de Psychosynth\u00e8se","url":"https:\/\/psychosynthese.fr\/","logo":{"@type":"ImageObject","inLanguage":"fr-FR","@id":"https:\/\/psychosynthese.fr\/#\/schema\/logo\/image\/","url":"https:\/\/psychosynthese.fr\/wp-content\/uploads\/2017\/03\/cropped-cropped-logo-ifp-155.jpg","contentUrl":"https:\/\/psychosynthese.fr\/wp-content\/uploads\/2017\/03\/cropped-cropped-logo-ifp-155.jpg","width":135,"height":135,"caption":"Institut Fran\u00e7ais de Psychosynth\u00e8se"},"image":{"@id":"https:\/\/psychosynthese.fr\/#\/schema\/logo\/image\/"},"sameAs":["https:\/\/www.facebook.com\/ifp.paris","https:\/\/www.youtube.com\/channel\/UCKmHyF5IEF9hQ_UI4mmbYgw"]}]}},"_links":{"self":[{"href":"https:\/\/psychosynthese.fr\/index.php\/wp-json\/wp\/v2\/pages\/2789","targetHints":{"allow":["GET"]}}],"collection":[{"href":"https:\/\/psychosynthese.fr\/index.php\/wp-json\/wp\/v2\/pages"}],"about":[{"href":"https:\/\/psychosynthese.fr\/index.php\/wp-json\/wp\/v2\/types\/page"}],"author":[{"embeddable":true,"href":"https:\/\/psychosynthese.fr\/index.php\/wp-json\/wp\/v2\/users\/1"}],"replies":[{"embeddable":true,"href":"https:\/\/psychosynthese.fr\/index.php\/wp-json\/wp\/v2\/comments?post=2789"}],"version-history":[{"count":6,"href":"https:\/\/psychosynthese.fr\/index.php\/wp-json\/wp\/v2\/pages\/2789\/revisions"}],"predecessor-version":[{"id":3354,"href":"https:\/\/psychosynthese.fr\/index.php\/wp-json\/wp\/v2\/pages\/2789\/revisions\/3354"}],"up":[{"embeddable":true,"href":"https:\/\/psychosynthese.fr\/index.php\/wp-json\/wp\/v2\/pages\/1530"}],"wp:attachment":[{"href":"https:\/\/psychosynthese.fr\/index.php\/wp-json\/wp\/v2\/media?parent=2789"}],"curies":[{"name":"wp","href":"https:\/\/api.w.org\/{rel}","templated":true}]}}